{"id":162,"date":"2012-11-02T11:37:50","date_gmt":"2012-11-02T09:37:50","guid":{"rendered":"http:\/\/www.unternehmensberatung-langer.de\/?page_id=162"},"modified":"2013-01-07T12:02:49","modified_gmt":"2013-01-07T10:02:49","slug":"existenzgrunderberatungen-und-grundercoaching","status":"publish","type":"page","link":"https:\/\/www.ublanger.de\/?page_id=162","title":{"rendered":"Existenzgr\u00fcndungsberatungen sowie Coaching"},"content":{"rendered":"<p style=\"text-align: justify;\">Die Gr\u00fcndung eines Unternehmens, der Aufbau einer eigenen Existenz und damit der Schritt in die berufliche Selbst\u00e4ndigkeit sind wichtige pers\u00f6nliche Entscheidungen, die wohl \u00fcberlegt und gut vorbereitet getroffen werden sollten.<\/p>\n<p style=\"text-align: justify;\">Die Unternehmensberatung Langer GmbH ist darauf spezialisiert, die dazu erforderlichen Planungen und deren erfolgsorientierte Umsetzung fachkompetent zu unterst\u00fctzen.<\/p>\n<p style=\"text-align: justify;\">Wir unterst\u00fctzen Gr\u00fcndungsvorhaben mit fachlichem Know-how, pers\u00f6nlichem Engagement sowie unternehmerischem Denken und Handeln. Im Vordergrund stehen dabei stets der Bezug zur Praxis und die realistische Einsch\u00e4tzung von Chancen und Risiken der geplanten Gr\u00fcndung.<\/p>\n<p style=\"text-align: justify;\">In unserer Arbeit orientieren wir uns an verbindlichen Grunds\u00e4tzen und bundesweiten Qualit\u00e4tsstandards in der Gr\u00fcndungs- und Unternehmensberatung.<\/p>\n<p style=\"text-align: justify;\">Mit unserem ganzheitlichen und dennoch individuellen Ansatz sind wir f\u00fcr Gr\u00fcndungsorientierte, Existenzgr\u00fcnder und auch junge Unternehmer ein verl\u00e4sslicher und kompetenter Partner in Fragen der Unternehmensgr\u00fcndung,-entwicklung und auch -stabilisierung.<\/p>\n<p><strong>Zu den Schwerpunkten geh\u00f6ren:<\/strong><\/p>\n<div class=\"checklist\">\n<ul>\n<li>\u00a0Pers\u00f6nliche Situation sowie Ziele und Motivation,<\/li>\n<li>Fachliche und unternehmerische Kenntnisse und Voraussetzungen<\/li>\n<li>Pr\u00fcfung der grunds\u00e4tzlichen Umsetzbarkeit der Gesch\u00e4ftsidee<\/li>\n<li>Kl\u00e4rung des Vorbereitungsstandes<\/li>\n<li>Grobanalyse der finanziellen Rahmenbedingungen<\/li>\n<li>Informationsvermittlung zu Fragen der Gr\u00fcndungsplanung<\/li>\n<li>Information zu F\u00f6rder- und Finanzierungsm\u00f6glichkeiten<\/li>\n<\/ul>\n<\/div>\n","protected":false},"excerpt":{"rendered":"<p>Die Gr\u00fcndung eines Unternehmens, der Aufbau einer eigenen Existenz und damit der Schritt in die berufliche Selbst\u00e4ndigkeit sind wichtige pers\u00f6nliche Entscheidungen, die wohl \u00fcberlegt und gut vorbereitet getroffen werden sollten. Die Unternehmensberatung Langer GmbH ist darauf spezialisiert, die dazu erforderlichen Planungen und deren erfolgsorientierte Umsetzung fachkompetent zu unterst\u00fctzen. Wir unterst\u00fctzen Gr\u00fcndungsvorhaben mit fachlichem Know-how, pers\u00f6nlichem [&hellip;]<\/p>\n","protected":false},"author":1,"featured_media":0,"parent":8,"menu_order":1,"comment_status":"closed","ping_status":"closed","template":"","meta":[],"_links":{"self":[{"href":"https:\/\/www.ublanger.de\/index.php?rest_route=\/wp\/v2\/pages\/162"}],"collection":[{"href":"https:\/\/www.ublanger.de\/index.php?rest_route=\/wp\/v2\/pages"}],"about":[{"href":"https:\/\/www.ublanger.de\/index.php?rest_route=\/wp\/v2\/types\/page"}],"author":[{"embeddable":true,"href":"https:\/\/www.ublanger.de\/index.php?rest_route=\/wp\/v2\/users\/1"}],"replies":[{"embeddable":true,"href":"https:\/\/www.ublanger.de\/index.php?rest_route=%2Fwp%2Fv2%2Fcomments&post=162"}],"version-history":[{"count":7,"href":"https:\/\/www.ublanger.de\/index.php?rest_route=\/wp\/v2\/pages\/162\/revisions"}],"predecessor-version":[{"id":302,"href":"https:\/\/www.ublanger.de\/index.php?rest_route=\/wp\/v2\/pages\/162\/revisions\/302"}],"up":[{"embeddable":true,"href":"https:\/\/www.ublanger.de\/index.php?rest_route=\/wp\/v2\/pages\/8"}],"wp:attachment":[{"href":"https:\/\/www.ublanger.de\/index.php?rest_route=%2Fwp%2Fv2%2Fmedia&parent=162"}],"curies":[{"name":"wp","href":"https:\/\/api.w.org\/{rel}","templated":true}]}}